{"id":9,"date":"2015-06-19T13:15:36","date_gmt":"2015-06-19T12:15:36","guid":{"rendered":"http:\/\/rossysa.ch\/?page_id=9"},"modified":"2018-04-05T16:32:34","modified_gmt":"2018-04-05T15:32:34","slug":"historique","status":"publish","type":"page","link":"https:\/\/rossysa.ch\/index.php\/presentation\/historique\/","title":{"rendered":"Historique"},"content":{"rendered":"<p style=\"text-align: justify;\"><span style=\"color: #0000ff;\"><em>Le d\u00e9but&#8230;.<\/em><\/span><\/p>\n<p><span style=\"color: #000000;\">Tout commence en 1951 avec la construction du garage \u00ab\u00a0Garage Pierre Wicht\u00a0\u00bb.\u00a0 Au d\u00e9part, c&rsquo;\u00e9tait un atelier de r\u00e9parations de cycles et de motos avec l&rsquo;agence Condor et NSU motos. <\/span><\/p>\n<p>Le garage \u00e9tait mandat\u00e9 par l&rsquo;arm\u00e9e pour r\u00e9parer ainsi qu&rsquo;entretenir leurs motos. En 1958, ce dernier prend la concession Renault pour les machines agricoles. C&rsquo;est en 1959 que le groupe NSU contact les concessionnaires motos pour devenir repr\u00e9sentants de leur secteur automobile.<\/p>\n<p><a href=\"http:\/\/rossysa.ch\/wp-content\/uploads\/2015\/06\/photo-1.jpg\"><img loading=\"lazy\" decoding=\"async\" class=\"alignnone size-medium wp-image-241\" src=\"http:\/\/rossysa.ch\/wp-content\/uploads\/2015\/06\/photo-1-300x201.jpg\" alt=\"photo 1\" width=\"300\" height=\"201\" srcset=\"https:\/\/rossysa.ch\/wp-content\/uploads\/2015\/06\/photo-1-300x201.jpg 300w, https:\/\/rossysa.ch\/wp-content\/uploads\/2015\/06\/photo-1-380x254.jpg 380w, https:\/\/rossysa.ch\/wp-content\/uploads\/2015\/06\/photo-1-285x190.jpg 285w, https:\/\/rossysa.ch\/wp-content\/uploads\/2015\/06\/photo-1.jpg 564w\" sizes=\"(max-width: 300px) 100vw, 300px\" \/><\/a>\u00a0\u00a0\u00a0\u00a0\u00a0\u00a0\u00a0\u00a0\u00a0\u00a0\u00a0\u00a0\u00a0\u00a0\u00a0\u00a0\u00a0\u00a0\u00a0\u00a0\u00a0\u00a0\u00a0\u00a0\u00a0\u00a0\u00a0\u00a0\u00a0\u00a0\u00a0\u00a0\u00a0\u00a0\u00a0\u00a0\u00a0\u00a0\u00a0\u00a0\u00a0\u00a0\u00a0\u00a0\u00a0\u00a0\u00a0\u00a0\u00a0\u00a0\u00a0\u00a0\u00a0\u00a0\u00a0\u00a0\u00a0\u00a0\u00a0\u00a0\u00a0\u00a0\u00a0\u00a0\u00a0\u00a0\u00a0\u00a0\u00a0\u00a0\u00a0\u00a0\u00a0\u00a0\u00a0\u00a0\u00a0\u00a0\u00a0\u00a0\u00a0\u00a0\u00a0\u00a0\u00a0\u00a0\u00a0\u00a0\u00a0\u00a0\u00a0\u00a0\u00a0\u00a0\u00a0\u00a0\u00a0\u00a0\u00a0\u00a0\u00a0\u00a0\u00a0\u00a0\u00a0\u00a0\u00a0\u00a0\u00a0\u00a0\u00a0\u00a0\u00a0\u00a0\u00a0\u00a0\u00a0 <a href=\"http:\/\/rossysa.ch\/wp-content\/uploads\/2015\/06\/photo-2.jpg\"><img loading=\"lazy\" decoding=\"async\" class=\"alignnone size-medium wp-image-242\" src=\"http:\/\/rossysa.ch\/wp-content\/uploads\/2015\/06\/photo-2-300x200.jpg\" alt=\"photo 2\" width=\"300\" height=\"200\" srcset=\"https:\/\/rossysa.ch\/wp-content\/uploads\/2015\/06\/photo-2-300x200.jpg 300w, https:\/\/rossysa.ch\/wp-content\/uploads\/2015\/06\/photo-2-380x254.jpg 380w, https:\/\/rossysa.ch\/wp-content\/uploads\/2015\/06\/photo-2-285x190.jpg 285w, https:\/\/rossysa.ch\/wp-content\/uploads\/2015\/06\/photo-2.jpg 553w\" sizes=\"(max-width: 300px) 100vw, 300px\" \/><\/a><\/p>\n<p>C&rsquo;est ainsi que le garage se sp\u00e9cialise dans la r\u00e9paration de v\u00e9hicules l\u00e9gers.<\/p>\n<p>A partir de 1962, il obtient la concession Volvo. A l&rsquo;\u00e9poque, c&rsquo;\u00e9tait un tr\u00e8s bon compromis car NSU ne construisait que des petites voitures et Volvo que des grandes. 1962 f\u00fbt aussi l&rsquo;arriv\u00e9e de Gaston Rossy dans l&rsquo;entreprise.<\/p>\n<p>En 1964, le groupe Volkswagen rach\u00e8te Auto Union. En 1977, Audi rach\u00e8te NSU, ne laissant la concession qu&rsquo;\u00e0 condition de ne plus garder la marque Volvo. Le garage devient repr\u00e9sentant des marques Audi et NSU.<\/p>\n<p>&nbsp;<\/p>\n<p><span style=\"color: #0000ff;\">Le commencement avec Audi puis VW<\/span><\/p>\n<p><span style=\"color: #000000;\">Le garage devient concessionnaire VW et Audi. C&rsquo;est en 1993 que Monsieur Wicht transmet le garage \u00e0 Gaston Rossy et \u00e0 son fils Olivier.<\/span><\/p>\n<p>L&rsquo;entreprise s&rsquo;appelle \u00ab\u00a0Garage Rossy &amp; Fils\u00a0\u00bb.<\/p>\n<p>Le garage devient une entreprise formatrice et engage un apprenti.<\/p>\n<p>En 1995, am\u00e9nagement de la place ext\u00e9rieure et cr\u00e9ation de la station de lavage. En 1996 changement de raison sociale.<\/p>\n<p><a href=\"http:\/\/rossysa.ch\/wp-content\/uploads\/2015\/06\/phto-4.jpg\"><img loading=\"lazy\" decoding=\"async\" class=\"size-medium wp-image-244 aligncenter\" src=\"http:\/\/rossysa.ch\/wp-content\/uploads\/2015\/06\/phto-4-300x200.jpg\" alt=\"phto 4\" width=\"300\" height=\"200\" srcset=\"https:\/\/rossysa.ch\/wp-content\/uploads\/2015\/06\/phto-4-300x200.jpg 300w, https:\/\/rossysa.ch\/wp-content\/uploads\/2015\/06\/phto-4-570x380.jpg 570w, https:\/\/rossysa.ch\/wp-content\/uploads\/2015\/06\/phto-4-380x254.jpg 380w, https:\/\/rossysa.ch\/wp-content\/uploads\/2015\/06\/phto-4-285x190.jpg 285w, https:\/\/rossysa.ch\/wp-content\/uploads\/2015\/06\/phto-4.jpg 626w\" sizes=\"(max-width: 300px) 100vw, 300px\" \/><\/a><\/p>\n<p>&nbsp;<\/p>\n<p><span style=\"color: #0000ff;\">Agrandissement&#8230;<\/span><\/p>\n<p><span style=\"color: #000000;\">L&rsquo;ann\u00e9e 2006 est une grande ann\u00e9e pour le Garage Rossy SA qui est en plein essor et manque de place.<\/span><\/p>\n<p>Un nouvel atelier est inaugur\u00e9 et le garage se renforce avec la marque VW Utilitaires.<\/p>\n<p><a href=\"http:\/\/rossysa.ch\/wp-content\/uploads\/2015\/06\/phto-5.jpg\"><img loading=\"lazy\" decoding=\"async\" class=\"size-medium wp-image-245 aligncenter\" src=\"http:\/\/rossysa.ch\/wp-content\/uploads\/2015\/06\/phto-5-300x172.jpg\" alt=\"phto 5\" width=\"300\" height=\"172\" srcset=\"https:\/\/rossysa.ch\/wp-content\/uploads\/2015\/06\/phto-5-300x172.jpg 300w, https:\/\/rossysa.ch\/wp-content\/uploads\/2015\/06\/phto-5.jpg 580w\" sizes=\"(max-width: 300px) 100vw, 300px\" \/><\/a><\/p>\n<p>&nbsp;<\/p>\n<p>Au printemps 2012, l&rsquo;inauguration du nouveau showroom bat son plein : le d\u00e9partement \u00ab\u00a0ventes de v\u00e9hicules VW\u00a0et VW\u00a0Utilitaires\u00a0 se renforce avec Pascal Gr\u00fcnebaum, responsable des ventes et qui vient soutenir Olivier Rossy \u00e0 la\u00a0direction.<\/p>\n<p><span style=\"color: #0000ff;\">\u00a0\u00a0\u00a0\u00a0\u00a0\u00a0\u00a0\u00a0\u00a0\u00a0\u00a0\u00a0\u00a0\u00a0\u00a0\u00a0\u00a0\u00a0\u00a0\u00a0\u00a0\u00a0\u00a0\u00a0\u00a0\u00a0\u00a0\u00a0\u00a0\u00a0\u00a0\u00a0\u00a0\u00a0\u00a0\u00a0\u00a0\u00a0\u00a0\u00a0\u00a0\u00a0\u00a0\u00a0\u00a0\u00a0\u00a0\u00a0\u00a0\u00a0\u00a0\u00a0\u00a0\u00a0\u00a0\u00a0\u00a0\u00a0\u00a0\u00a0\u00a0\u00a0\u00a0\u00a0\u00a0\u00a0\u00a0\u00a0\u00a0\u00a0\u00a0 <a href=\"http:\/\/rossysa.ch\/wp-content\/uploads\/2015\/06\/photo-3.jpg\"><img loading=\"lazy\" decoding=\"async\" class=\"alignnone size-medium wp-image-243\" src=\"http:\/\/rossysa.ch\/wp-content\/uploads\/2015\/06\/photo-3-300x168.jpg\" alt=\"photo 3\" width=\"300\" height=\"168\" srcset=\"https:\/\/rossysa.ch\/wp-content\/uploads\/2015\/06\/photo-3-300x168.jpg 300w, https:\/\/rossysa.ch\/wp-content\/uploads\/2015\/06\/photo-3.jpg 503w\" sizes=\"(max-width: 300px) 100vw, 300px\" \/><\/a>\u00a0\u00a0\u00a0\u00a0\u00a0\u00a0<\/span><\/p>\n<p><span style=\"color: #0000ff;\"><span style=\"color: #0000ff;\">Aujourd&rsquo;hui&#8230;<\/span><\/span><\/p>\n<p><span style=\"color: #0000ff;\"><span style=\"color: #000000;\">Nous repr\u00e9sentons les marques VW et VW Utilitaires<\/span><\/span><\/p>\n<p><span style=\"color: #0000ff;\"><span style=\"color: #000000;\">Nous comptons 15 collaborateurs\/trices, dont 2 apprentis<\/span><\/span><\/p>\n<p><span style=\"color: #0000ff;\"><em><a href=\"http:\/\/rossysa.ch\/wp-content\/uploads\/2015\/06\/6635-6748-1-bbt_vignette_140mm_fr.gif\"><img loading=\"lazy\" decoding=\"async\" class=\"wp-image-260 alignleft\" src=\"http:\/\/rossysa.ch\/wp-content\/uploads\/2015\/06\/6635-6748-1-bbt_vignette_140mm_fr-300x300.gif\" alt=\"6635-6748-1-bbt_vignette_140mm_fr\" width=\"73\" height=\"73\" srcset=\"https:\/\/rossysa.ch\/wp-content\/uploads\/2015\/06\/6635-6748-1-bbt_vignette_140mm_fr-300x300.gif 300w, https:\/\/rossysa.ch\/wp-content\/uploads\/2015\/06\/6635-6748-1-bbt_vignette_140mm_fr-150x150.gif 150w, https:\/\/rossysa.ch\/wp-content\/uploads\/2015\/06\/6635-6748-1-bbt_vignette_140mm_fr-53x53.gif 53w, https:\/\/rossysa.ch\/wp-content\/uploads\/2015\/06\/6635-6748-1-bbt_vignette_140mm_fr-85x85.gif 85w, https:\/\/rossysa.ch\/wp-content\/uploads\/2015\/06\/6635-6748-1-bbt_vignette_140mm_fr-380x380.gif 380w, https:\/\/rossysa.ch\/wp-content\/uploads\/2015\/06\/6635-6748-1-bbt_vignette_140mm_fr-285x285.gif 285w\" sizes=\"(max-width: 73px) 100vw, 73px\" \/><\/a><\/em><\/span><\/p>\n<p>&nbsp;<\/p>\n<p>&nbsp;<\/p>\n<p>&nbsp;<\/p>\n<p><span style=\"color: #0000ff;\"><span style=\"color: #000000;\">Un nouveau logo &#8211; un nouveau look\u00a0\u00a0\u00a0\u00a0\u00a0\u00a0 <a href=\"http:\/\/rossysa.ch\/wp-content\/uploads\/2015\/06\/as.png\"><img loading=\"lazy\" decoding=\"async\" class=\"size-medium wp-image-123 aligncenter\" src=\"http:\/\/rossysa.ch\/wp-content\/uploads\/2015\/06\/as-300x86.png\" alt=\"as\" width=\"300\" height=\"86\" srcset=\"https:\/\/rossysa.ch\/wp-content\/uploads\/2015\/06\/as-300x86.png 300w, https:\/\/rossysa.ch\/wp-content\/uploads\/2015\/06\/as.png 503w\" sizes=\"(max-width: 300px) 100vw, 300px\" \/><\/a><\/span><\/span><\/p>\n<p>&nbsp;<\/p>\n<p>Depuis 2003, nous sommes certifi\u00e9s ISO 9001:2008 dans chacune des marques dont nous sommes concessionnaires. Les Audits annuelles portent tant sur l&rsquo;organisation de l&rsquo;entreprise que sur les exigences li\u00e9es \u00e0 la vente et au service apr\u00e8s-vente.<\/p>\n<p><a href=\"http:\/\/rossysa.ch\/wp-content\/uploads\/2015\/06\/91_ISO9001_rgb_120.jpg\"><img loading=\"lazy\" decoding=\"async\" class=\"wp-image-256 aligncenter\" src=\"http:\/\/rossysa.ch\/wp-content\/uploads\/2015\/06\/91_ISO9001_rgb_120-300x300.jpg\" alt=\"91_ISO9001_rgb_120\" width=\"124\" height=\"124\" srcset=\"https:\/\/rossysa.ch\/wp-content\/uploads\/2015\/06\/91_ISO9001_rgb_120-300x300.jpg 300w, https:\/\/rossysa.ch\/wp-content\/uploads\/2015\/06\/91_ISO9001_rgb_120-150x150.jpg 150w, https:\/\/rossysa.ch\/wp-content\/uploads\/2015\/06\/91_ISO9001_rgb_120-53x53.jpg 53w, https:\/\/rossysa.ch\/wp-content\/uploads\/2015\/06\/91_ISO9001_rgb_120-85x85.jpg 85w, https:\/\/rossysa.ch\/wp-content\/uploads\/2015\/06\/91_ISO9001_rgb_120-380x380.jpg 380w, https:\/\/rossysa.ch\/wp-content\/uploads\/2015\/06\/91_ISO9001_rgb_120-285x285.jpg 285w, https:\/\/rossysa.ch\/wp-content\/uploads\/2015\/06\/91_ISO9001_rgb_120.jpg 495w\" sizes=\"(max-width: 124px) 100vw, 124px\" \/><\/a><\/p>\n<p>&nbsp;<\/p>\n<p>2018, l&rsquo;entreprise a 25 ans de\u00a0partenariat et de collaboration avec le groupe Amag<\/p>\n<p>&nbsp;<\/p>\n<p style=\"text-align: center;\"><img loading=\"lazy\" decoding=\"async\" class=\"alignnone size-full wp-image-700\" src=\"http:\/\/rossysa.ch\/wp-content\/uploads\/2015\/06\/Capture14.png\" alt=\"\" width=\"568\" height=\"857\" srcset=\"https:\/\/rossysa.ch\/wp-content\/uploads\/2015\/06\/Capture14.png 568w, https:\/\/rossysa.ch\/wp-content\/uploads\/2015\/06\/Capture14-199x300.png 199w\" sizes=\"(max-width: 568px) 100vw, 568px\" \/><\/p>\n<p>&nbsp;<\/p>\n<p>&nbsp;<\/p>\n<p><span style=\"color: #0000ff;\">Nous tenons\u00a0par ces quelques lignes \u00e0 remercier notre fid\u00e8le client\u00e8le qui nous fait confiance depuis toutes ces ann\u00e9es.\u00a0\u00a0\u00a0\u00a0\u00a0\u00a0\u00a0\u00a0\u00a0\u00a0\u00a0\u00a0\u00a0\u00a0\u00a0\u00a0\u00a0\u00a0\u00a0\u00a0\u00a0\u00a0\u00a0\u00a0\u00a0\u00a0\u00a0\u00a0\u00a0\u00a0\u00a0\u00a0\u00a0\u00a0\u00a0\u00a0\u00a0\u00a0\u00a0\u00a0\u00a0\u00a0\u00a0\u00a0\u00a0\u00a0\u00a0\u00a0\u00a0 <\/span><\/p>\n<p>&nbsp;<\/p>\n","protected":false},"excerpt":{"rendered":"<p>Le d\u00e9but&#8230;. Tout commence en 1951 avec la construction du garage \u00ab\u00a0Garage Pierre Wicht\u00a0\u00bb.\u00a0 Au d\u00e9part, c&rsquo;\u00e9tait un atelier de r\u00e9parations de cycles et de motos avec l&rsquo;agence Condor et NSU motos. Le garage \u00e9tait mandat\u00e9 par l&rsquo;arm\u00e9e pour r\u00e9parer ainsi qu&rsquo;entretenir leurs motos. En 1958, ce dernier prend la concession Renault pour les machines<\/p>\n<p class=\"more-link\"><a href=\"https:\/\/rossysa.ch\/index.php\/presentation\/historique\/\" class=\"themebutton2\">READ MORE<\/a><\/p>\n","protected":false},"author":1,"featured_media":0,"parent":68,"menu_order":0,"comment_status":"closed","ping_status":"closed","template":"","meta":{"footnotes":""},"_links":{"self":[{"href":"https:\/\/rossysa.ch\/index.php\/wp-json\/wp\/v2\/pages\/9"}],"collection":[{"href":"https:\/\/rossysa.ch\/index.php\/wp-json\/wp\/v2\/pages"}],"about":[{"href":"https:\/\/rossysa.ch\/index.php\/wp-json\/wp\/v2\/types\/page"}],"author":[{"embeddable":true,"href":"https:\/\/rossysa.ch\/index.php\/wp-json\/wp\/v2\/users\/1"}],"replies":[{"embeddable":true,"href":"https:\/\/rossysa.ch\/index.php\/wp-json\/wp\/v2\/comments?post=9"}],"version-history":[{"count":0,"href":"https:\/\/rossysa.ch\/index.php\/wp-json\/wp\/v2\/pages\/9\/revisions"}],"up":[{"embeddable":true,"href":"https:\/\/rossysa.ch\/index.php\/wp-json\/wp\/v2\/pages\/68"}],"wp:attachment":[{"href":"https:\/\/rossysa.ch\/index.php\/wp-json\/wp\/v2\/media?parent=9"}],"curies":[{"name":"wp","href":"https:\/\/api.w.org\/{rel}","templated":true}]}}